{"id":66,"date":"2014-10-27T13:35:32","date_gmt":"2014-10-27T13:35:32","guid":{"rendered":"http:\/\/verkkovaria.fi\/yhteiset\/ruotsi1\/?page_id=66"},"modified":"2016-04-04T07:32:07","modified_gmt":"2016-04-04T07:32:07","slug":"suomi","status":"publish","type":"page","link":"https:\/\/verkkovaria.fi\/yhteiset\/ruotsi1\/suomi\/","title":{"rendered":"Viikko 3 Finland och finska"},"content":{"rendered":"<p><strong>Tee alla olevat teht\u00e4v\u00e4t kolmannen opiskeluviikon aikana.<\/strong><\/p>\n<p><strong>Ohjeistus:<\/strong><\/p>\n<p>1. Avaa word-tiedosto ja kirjoita seuraavat teht\u00e4v\u00e4t sille teht\u00e4v\u00e4numero kerrallaan.<\/p>\n<p>2. Palauta kaikki alla olevan osion teht\u00e4v\u00e4t sovitulle alustalle, esim.\u00a0<a style=\"color: #333333; text-decoration: underline;\" href=\"https:\/\/fronter.com\/vantaa\/\" target=\"_blank\">Fronteriin<\/a> &#8221;Ruotsia ammattiin netiss\u00e4&#8221; <em>Suomi<\/em> -palautuskansioon yhdell\u00e4 word-tiedostolla.<\/p>\n<p>3. Tee\u00a0wikiteht\u00e4v\u00e4 ja liit\u00e4 se<a style=\"color: #333333; text-decoration: underline;\" href=\"http:\/\/ruotsia-ammattiin.wikispaces.com\/\" target=\"_blank\"> wikiin<\/a>.<\/p>\n<ol>\n<li><strong>T\u00e4ll\u00e4 opintojaksolla opit kertomaan Suomesta ja suomalaisista<\/strong><\/li>\n<li><strong>Osaat kertoa liikkumisesta eri kulkuneuvoilla sek\u00e4 opettelet verbej\u00e4<\/strong><\/li>\n<li><strong>Osaat kuvailla s\u00e4\u00e4t\u00e4<\/strong><\/li>\n<\/ol>\n<p>\u00a0<\/p>\n<h3><strong>Finland<\/strong><\/h3>\n<p>Tapoja puhua kotimaastaan:<\/p>\n<ul>\n<li><strong>Hej! Jag kommer fr\u00e5n Finland!\u00a0 = Hei! Tulen Suomesta<br \/> <\/strong><\/li>\n<li><strong>Varifr\u00e5n kommer du? Var bor du? = Mist\u00e4 sin\u00e4 tulet? Miss\u00e4 asut?<br \/> <\/strong><\/li>\n<li><strong>Hur var det att flytta hit? = Millaista oli muuttaa t\u00e4nne?<br \/> <\/strong><\/li>\n<\/ul>\n<h4>\u00a0<\/h4>\n<figure id=\"attachment_116\" aria-describedby=\"caption-attachment-116\" style=\"width: 300px\" class=\"wp-caption aligncenter\"><a href=\"http:\/\/verkkovaria.fi\/yhteiset\/ruotsi1\/wp-content\/uploads\/2014\/10\/10658904_10154772489085571_4072203067586955537_o.jpg\"><img loading=\"lazy\" decoding=\"async\" src=\"http:\/\/verkkovaria.fi\/yhteiset\/ruotsi1\/wp-content\/uploads\/2014\/10\/10658904_10154772489085571_4072203067586955537_o-300x199.jpg\" alt=\"10658904_10154772489085571_4072203067586955537_o\" width=\"300\" height=\"199\" \/><\/a><figcaption id=\"caption-attachment-116\" class=\"wp-caption-text\">Kuva 1 Natur = Luonto<\/figcaption><\/figure>\n<p><strong>Teht\u00e4v\u00e4 1:<\/strong>\u00a0Olet kuuluisa. Kuvittele, ett\u00e4 sinua haastattelee ruotsalainen radio ja he haluavat tiet\u00e4\u00e4 Suomesta ja ihmisist\u00e4 Suomessa.\u00a0<strong>Kirjoita\/\u00e4\u00e4nit\u00e4 puhelimellasi ainakin kolme kysymyst\u00e4 ja niihin sopivaa vastausta \u00a0Suomesta.<\/strong>\u00a0(Voit liitt\u00e4\u00e4 fronteriin my\u00f6s itse ottamiasi kuvia ja \u00e4\u00e4nitteit\u00e4.) Ajattele luontoa, ruokaa, kieli\u00e4, joita t\u00e4\u00e4ll\u00e4 puhutaan, naapurimaita, vuodenaikoja ja ihmisi\u00e4. 3 kysymyst\u00e4 -&gt; 3 vastausta.<\/p>\n<p>\u00a0<\/p>\n<p>Esimerkki: &#8221;Vad tycker ni att g\u00f6ra p\u00e5 sommaren?&#8221;<\/p>\n<p>-I Finland tycker vi om att bada bastu och grilla korv.<\/p>\n<p>\u00a0<\/p>\n<p><figure id=\"attachment_92\" aria-describedby=\"caption-attachment-92\" style=\"width: 292px\" class=\"wp-caption alignnone\"><a href=\"http:\/\/verkkovaria.fi\/yhteiset\/ruotsi1\/wp-content\/uploads\/2014\/10\/34915_473776703635_2323284_n.jpg\"><img loading=\"lazy\" decoding=\"async\" src=\"http:\/\/verkkovaria.fi\/yhteiset\/ruotsi1\/wp-content\/uploads\/2014\/10\/34915_473776703635_2323284_n-242x300.jpg\" alt=\"34915_473776703635_2323284_n\" width=\"292\" height=\"362\" \/><\/a><figcaption id=\"caption-attachment-92\" class=\"wp-caption-text\">Kuva 2 Domkyrka = Tuomiokirkko<\/figcaption><\/figure><figure id=\"attachment_115\" aria-describedby=\"caption-attachment-115\" style=\"width: 270px\" class=\"wp-caption alignnone\"><a href=\"http:\/\/verkkovaria.fi\/yhteiset\/ruotsi1\/wp-content\/uploads\/2014\/10\/480901_10152105816230571_253435847_n.jpg\"><img loading=\"lazy\" decoding=\"async\" src=\"http:\/\/verkkovaria.fi\/yhteiset\/ruotsi1\/wp-content\/uploads\/2014\/10\/480901_10152105816230571_253435847_n-225x300.jpg\" alt=\"480901_10152105816230571_253435847_n\" width=\"270\" height=\"360\" \/><\/a><figcaption id=\"caption-attachment-115\" class=\"wp-caption-text\">Kuva 3 Svampar = sienet<\/figcaption><\/figure><\/p>\n<p>\u00a0<\/p>\n<h3><strong>Trevlig resa!<\/strong><\/h3>\n<p><strong>Teht\u00e4v\u00e4 2: Olika fordon?<\/strong><\/p>\n<p><strong>Kan du alla transportmedel (kulkuv\u00e4lineet) p\u00e5 svenska?<\/strong> \u00c5ker du helst med t\u00e5g, bil, motorcykel, buss, b\u00e5t, sp\u00e5rvagn, tunnelbana n\u00e4r du reser? Eller gillar du att flyga? Det g\u00e5r ocks\u00e5 att lifta eller trampa l\u00e5nga str\u00e4ckor p\u00e5 cykel!<\/p>\n<p>Mit\u00e4 eri kulkuneuvoja tied\u00e4t? Katso alla olevat kuvat ja kirjoita ruotsiksi kulkuv\u00e4lineet <strong>monikkomuodossa<\/strong> suomeksi ja ruotsiksi. Lis\u00e4\u00e4 lis\u00e4ksi <strong>ainakin kaksi\u00a0<\/strong>muuta kulkuv\u00e4linett\u00e4, jotka puuttuvat kuvista, <strong>esim. raitiovaunu, moottoripy\u00f6r\u00e4, mopoauto, kuorma-auto, vene<\/strong>, jne.<\/p>\n<p><strong>Esim. en cykel, m\u00e5nga cyklar = polkupy\u00f6r\u00e4t<\/strong><\/p>\n<p>\u00a0<\/p>\n<p><figure id=\"attachment_262\" aria-describedby=\"caption-attachment-262\" style=\"width: 219px\" class=\"wp-caption alignnone\"><a href=\"http:\/\/verkkovaria.fi\/yhteiset\/ruotsi1\/wp-content\/uploads\/2014\/10\/2013-05-10-11.55.23.jpg\"><img loading=\"lazy\" decoding=\"async\" src=\"http:\/\/verkkovaria.fi\/yhteiset\/ruotsi1\/wp-content\/uploads\/2014\/10\/2013-05-10-11.55.23-300x225.jpg\" alt=\"2013-05-10 11.55.23\" width=\"219\" height=\"166\" \/><\/a><figcaption id=\"caption-attachment-262\" class=\"wp-caption-text\">Kuva 4 En bil<\/figcaption><\/figure><figure id=\"attachment_263\" aria-describedby=\"caption-attachment-263\" style=\"width: 229px\" class=\"wp-caption alignnone\"><a href=\"http:\/\/verkkovaria.fi\/yhteiset\/ruotsi1\/wp-content\/uploads\/2014\/10\/2013-08-26-13.10.07.jpg\"><img loading=\"lazy\" decoding=\"async\" src=\"http:\/\/verkkovaria.fi\/yhteiset\/ruotsi1\/wp-content\/uploads\/2014\/10\/2013-08-26-13.10.07-300x225.jpg\" alt=\"2013-08-26 13.10.07\" width=\"229\" height=\"174\" \/><\/a><figcaption id=\"caption-attachment-263\" class=\"wp-caption-text\">Kuva 5 En gaffeltruck<\/figcaption><\/figure><figure id=\"attachment_264\" aria-describedby=\"caption-attachment-264\" style=\"width: 231px\" class=\"wp-caption alignnone\"><a href=\"http:\/\/verkkovaria.fi\/yhteiset\/ruotsi1\/wp-content\/uploads\/2014\/10\/2013-11-20-07.45.49.jpg\"><img loading=\"lazy\" decoding=\"async\" src=\"http:\/\/verkkovaria.fi\/yhteiset\/ruotsi1\/wp-content\/uploads\/2014\/10\/2013-11-20-07.45.49-300x225.jpg\" alt=\"2013-11-20 07.45.49\" width=\"231\" height=\"175\" \/><\/a><figcaption id=\"caption-attachment-264\" class=\"wp-caption-text\">Kuva 6 En flygplan<\/figcaption><\/figure><figure id=\"attachment_265\" aria-describedby=\"caption-attachment-265\" style=\"width: 252px\" class=\"wp-caption alignnone\"><a href=\"http:\/\/verkkovaria.fi\/yhteiset\/ruotsi1\/wp-content\/uploads\/2014\/10\/2014-02-20-05.40.26.jpg\"><img loading=\"lazy\" decoding=\"async\" src=\"http:\/\/verkkovaria.fi\/yhteiset\/ruotsi1\/wp-content\/uploads\/2014\/10\/2014-02-20-05.40.26-300x225.jpg\" alt=\"2014-02-20 05.40.26\" width=\"252\" height=\"191\" \/><\/a><figcaption id=\"caption-attachment-265\" class=\"wp-caption-text\">Kuva 7 En jeep<\/figcaption><\/figure><figure id=\"attachment_266\" aria-describedby=\"caption-attachment-266\" style=\"width: 255px\" class=\"wp-caption alignnone\"><a href=\"http:\/\/verkkovaria.fi\/yhteiset\/ruotsi1\/wp-content\/uploads\/2014\/10\/2014-05-20-14.46.04.jpg\"><img loading=\"lazy\" decoding=\"async\" src=\"http:\/\/verkkovaria.fi\/yhteiset\/ruotsi1\/wp-content\/uploads\/2014\/10\/2014-05-20-14.46.04-300x225.jpg\" alt=\"2014-05-20 14.46.04\" width=\"255\" height=\"193\" \/><\/a><figcaption id=\"caption-attachment-266\" class=\"wp-caption-text\">Kuva 8 En buss<\/figcaption><\/figure><figure id=\"attachment_267\" aria-describedby=\"caption-attachment-267\" style=\"width: 165px\" class=\"wp-caption alignnone\"><a href=\"http:\/\/verkkovaria.fi\/yhteiset\/ruotsi1\/wp-content\/uploads\/2014\/10\/2014-05-20-15.01.05.jpg\"><img loading=\"lazy\" decoding=\"async\" src=\"http:\/\/verkkovaria.fi\/yhteiset\/ruotsi1\/wp-content\/uploads\/2014\/10\/2014-05-20-15.01.05-225x300.jpg\" alt=\"2014-05-20 15.01.05\" width=\"165\" height=\"217\" \/><\/a><figcaption id=\"caption-attachment-267\" class=\"wp-caption-text\">Kuva 9 En flygplan<\/figcaption><\/figure><figure id=\"attachment_268\" aria-describedby=\"caption-attachment-268\" style=\"width: 167px\" class=\"wp-caption alignnone\"><a href=\"http:\/\/verkkovaria.fi\/yhteiset\/ruotsi1\/wp-content\/uploads\/2014\/10\/2014-05-20-15.24.01.jpg\"><img loading=\"lazy\" decoding=\"async\" src=\"http:\/\/verkkovaria.fi\/yhteiset\/ruotsi1\/wp-content\/uploads\/2014\/10\/2014-05-20-15.24.01-225x300.jpg\" alt=\"2014-05-20 15.24.01\" width=\"167\" height=\"220\" \/><\/a><figcaption id=\"caption-attachment-268\" class=\"wp-caption-text\">Kuva 10 En l\u00e5ngtradare<\/figcaption><\/figure><figure id=\"attachment_269\" aria-describedby=\"caption-attachment-269\" style=\"width: 220px\" class=\"wp-caption alignnone\"><a href=\"http:\/\/verkkovaria.fi\/yhteiset\/ruotsi1\/wp-content\/uploads\/2014\/10\/2014-07-09-10.53.31.jpg\"><img loading=\"lazy\" decoding=\"async\" src=\"http:\/\/verkkovaria.fi\/yhteiset\/ruotsi1\/wp-content\/uploads\/2014\/10\/2014-07-09-10.53.31-300x225.jpg\" alt=\"2014-07-09 10.53.31\" width=\"220\" height=\"167\" \/><\/a><figcaption id=\"caption-attachment-269\" class=\"wp-caption-text\">Kuva 11 En traktor<\/figcaption><\/figure><\/p>\n<p><strong>Teht\u00e4v\u00e4 3:<\/strong> <strong>Kirjoita yll\u00e4 olevista kuvista (Kuvat 4-11) 2 lausetta ruotsiksi.<\/strong><\/p>\n<p>Esim. En pojke st\u00e5r framf\u00f6r l\u00e5ngtradare = Poika seisoo rekan edess\u00e4.<\/p>\n<p>\u00a0<\/p>\n<h3><strong>Ruotsiksi matkustamisen ilmaisuun k\u00e4ytet\u00e4\u00e4n erilaisia verbej\u00e4.<\/strong><\/h3>\n<p><strong>Resa, reser, reste, har rest = matkustaa<\/strong><\/p>\n<figure id=\"attachment_177\" aria-describedby=\"caption-attachment-177\" style=\"width: 199px\" class=\"wp-caption alignleft\"><a href=\"http:\/\/verkkovaria.fi\/yhteiset\/ruotsi1\/wp-content\/uploads\/2014\/10\/2014-02-17-16.53.21.jpg\"><img loading=\"lazy\" decoding=\"async\" src=\"http:\/\/verkkovaria.fi\/yhteiset\/ruotsi1\/wp-content\/uploads\/2014\/10\/2014-02-17-16.53.21-225x300.jpg\" alt=\"2014-02-17 16.53.21\" width=\"199\" height=\"263\" \/><\/a><figcaption id=\"caption-attachment-177\" class=\"wp-caption-text\">Kuva 12 Jag vill <strong>resa<\/strong> dit = Haluan matkustaa sinne.<\/figcaption><\/figure>\n<p><strong>G\u00e5, g\u00e5r, gick, har g\u00e5tt = k\u00e4vell\u00e4<\/strong><\/p>\n<figure id=\"attachment_199\" aria-describedby=\"caption-attachment-199\" style=\"width: 181px\" class=\"wp-caption alignleft\"><a href=\"http:\/\/verkkovaria.fi\/yhteiset\/ruotsi1\/wp-content\/uploads\/2014\/10\/DSC_0418.jpg\"><img loading=\"lazy\" decoding=\"async\" src=\"http:\/\/verkkovaria.fi\/yhteiset\/ruotsi1\/wp-content\/uploads\/2014\/10\/DSC_0418-e1417093632709-199x300.jpg\" alt=\"DSC_0418\" width=\"181\" height=\"269\" \/><\/a><figcaption id=\"caption-attachment-199\" class=\"wp-caption-text\">Kuva 13 Jag <strong>g\u00e5r<\/strong> dit om fots= Menen sinne k\u00e4vellen.<\/figcaption><\/figure>\n<p style=\"text-align: left;\"><strong>Jag g\u00e5r till skolan<\/strong>.<\/p>\n<p style=\"text-align: left;\"><strong>\u00e5ka, \u00e5ker, \u00e5kte, har \u00e5kt = menn\u00e4 kulkuv\u00e4lineell\u00e4<\/strong><\/p>\n<figure id=\"attachment_200\" aria-describedby=\"caption-attachment-200\" style=\"width: 318px\" class=\"wp-caption alignleft\"><a href=\"http:\/\/verkkovaria.fi\/yhteiset\/ruotsi1\/wp-content\/uploads\/2014\/10\/2013-05-10-13.55.14.jpg\"><img loading=\"lazy\" decoding=\"async\" src=\"http:\/\/verkkovaria.fi\/yhteiset\/ruotsi1\/wp-content\/uploads\/2014\/10\/2013-05-10-13.55.14-300x225.jpg\" alt=\"2013-05-10 13.55.14\" width=\"318\" height=\"241\" \/><\/a><figcaption id=\"caption-attachment-200\" class=\"wp-caption-text\">Kuva 14 <strong>Jag k\u00f6r<\/strong> dit med bil. = <strong>Ajan<\/strong> sinne autolla.<\/figcaption><\/figure>\n<p><strong>Jag \u00e5ker med bil.<\/strong><\/p>\n<p>\u00a0<\/p>\n<p><strong>Jag reser med flygplan\/b\u00e5t\/t\u00e5g.<\/strong><\/p>\n<figure id=\"attachment_194\" aria-describedby=\"caption-attachment-194\" style=\"width: 359px\" class=\"wp-caption alignleft\"><a href=\"http:\/\/verkkovaria.fi\/yhteiset\/ruotsi1\/wp-content\/uploads\/2014\/10\/lastaus.png\"><img loading=\"lazy\" decoding=\"async\" src=\"http:\/\/verkkovaria.fi\/yhteiset\/ruotsi1\/wp-content\/uploads\/2014\/10\/lastaus-300x180.png\" alt=\"lastaus\" width=\"359\" height=\"219\" \/><\/a><figcaption id=\"caption-attachment-194\" class=\"wp-caption-text\">Kuva 15 En flygplan<\/figcaption><\/figure>\n<p>\u00a0<\/p>\n<h3 style=\"text-align: left;\"><strong>Verbeist\u00e4 eli tekemisest\u00e4<\/strong><\/h3>\n<h2 style=\"text-align: center;\">\u00a0<\/h2>\n<p><strong>Muistis\u00e4\u00e4nt\u00f6!\u00a0T\u00e4m\u00e4n hetken tekemisest\u00e4si kertova verbi p\u00e4\u00e4ttyy R-kirjaimeen. Jos katsot l\u00e4hes mit\u00e4 tahansa ruotsin kielist\u00e4 lausetta, niin verbi p\u00e4\u00e4ttyy \u00e4rr\u00e4\u00e4n.<\/strong><\/p>\n<p>Jag \u00e4R = Min\u00e4 olen.<\/p>\n<p>Du boR i Helsingfors. = Asut Helsingiss\u00e4.<\/p>\n<p>Jag k\u00f6R = Min\u00e4 ajan.<\/p>\n<p>Han kommeR nu= H\u00e4n tulee nyt.<\/p>\n<p><strong>Teht\u00e4v\u00e4 4:<\/strong> Harjoittele verbimuotoja glosorin <a style=\"color: #333333; text-decoration: underline;\" href=\"https:\/\/glosor.eu\/flervalsfragor\/harjoittele-verbeja.4330448.html?wc=8\" target=\"_blank\">nettisivuilla<\/a>. Voit my\u00f6s kuunnella verbien \u00e4\u00e4nt\u00e4mist\u00e4 ja toistaa per\u00e4ss\u00e4 valitsemalla &#8221;Lyssna&#8221;.<\/p>\n<p><strong>Teht\u00e4v\u00e4 5: <\/strong>N\u00e4ytt\u00e4\u00e4k\u00f6 tutulta:\u00a0&#8221;Det h\u00e4r \u00e4r M-t\u00e5get till Vandaforsen. Vi stannar p\u00e5 alla stationer.&#8221;?<\/p>\n<p>Kulkuv\u00e4lineet ovat hyvi\u00e4 paikkoja oppia kielt\u00e4. Yll\u00e4 oleva esimerkki oli M-junasta. K\u00e4y siis kuuntelemassa VR:n <a style=\"color: #333333; text-decoration: underline;\" href=\"http:\/\/vrgroup.studio.crasman.fi\/file\/dl\/i\/IptSjA\/hwoGvl7HzGyGc96tn9C9KQ\/Reidar_VR_kuulutus.mp3\" target=\"_blank\">sivuilla oleva \u00e4\u00e4nin\u00e4yte<\/a> ja yrit\u00e4 ymm\u00e4rt\u00e4\u00e4 ruotsinkielisi\u00e4 kuulutuksia. Kuulet saman kuulutuksen my\u00f6s suomeksi ja englanniksi.<\/p>\n<p><strong>Wikiteht\u00e4v\u00e4 6:<\/strong> Tee goanimate:n <a style=\"color: #333333; text-decoration: underline;\" href=\"http:\/\/goanimate.com\/\" target=\"_blank\">sivulla<\/a> sarjakuva\/animaatio, jossa teet vuoropuhelun ruotsiksi juna-asemalta. Kirjaudu sis\u00e4\u00e4n ja valitse sielt\u00e4<strong> ilmainen alusta<\/strong> sarjakuvasi\/animaatiosi luomiselle (n\u00e4m\u00e4 tunnistaa siit\u00e4, ett\u00e4 niiss\u00e4 <strong>EI<\/strong> ole plus-merkki\u00e4). Voit valita kieleksi ruotsin.<\/p>\n<p>Hyvi\u00e4 vinkkej\u00e4 teht\u00e4v\u00e4n tekemiseksi l\u00f6yd\u00e4t Pohjola-Nordenin <a style=\"color: #333333; text-decoration: underline;\" href=\"http:\/\/www.pohjola-norden.fi\/suomeksi\/kouluille\/opetusmateriaalit\/kielet_ja_kirjallisuus\/junalippua_ostamassa\/\" target=\"_blank\">sivuilta<\/a>.<\/p>\n<p><strong>Tilanne: Asiakas haluaa varata junalipun. H\u00e4n ostaa lipun kioskista.<\/strong><\/p>\n<p><strong>Tee animaatio alla olevan esimerkin\u00a0mukaan mahdollisimman luontevaa ruotsin kielt\u00e4 k\u00e4ytt\u00e4en.<\/strong><\/p>\n<p>Asiakkaan pit\u00e4isi saada selville myyj\u00e4lt\u00e4\u00a0<strong>milloin juna l\u00e4htee, milt\u00e4 raiteelta, milloin se on perill\u00e4 ja mit\u00e4 matka kustantaa? Keksi itse vastaukset. Hyvi\u00e4 sanoja: avg\u00e5r= l\u00e4htee, kostar =maksaa, sp\u00e5r=raide, framme=perill\u00e4.<\/strong><\/p>\n<p><strong>Mallialoitus:<\/strong><\/p>\n<p>Asiakas: <strong>Hej!\u00a0Kan jag f\u00e5 en enkel biljett till<\/strong> V\u00e4ster\u00e5s?<\/p>\n<p>Lipunmyyj\u00e4: <strong>I f\u00f6rsta eller andra klass<\/strong>?<\/p>\n<p>&#8230;<\/p>\n<p>Liit\u00e4 linkki animaatiosta\/sarjakuvasi <a style=\"color: #333333; text-decoration: underline;\" href=\"http:\/\/ruotsia-ammattiin.wikispaces.com\/\" target=\"_blank\">wikiin<\/a>.<\/p>\n<figure id=\"attachment_188\" aria-describedby=\"caption-attachment-188\" style=\"width: 359px\" class=\"wp-caption alignleft\"><a href=\"http:\/\/verkkovaria.fi\/yhteiset\/ruotsi1\/wp-content\/uploads\/2014\/10\/goanimate.jpg\"><img loading=\"lazy\" decoding=\"async\" src=\"http:\/\/verkkovaria.fi\/yhteiset\/ruotsi1\/wp-content\/uploads\/2014\/10\/goanimate-300x196.jpg\" alt=\"goanimate\" width=\"359\" height=\"237\" \/><\/a><figcaption id=\"caption-attachment-188\" class=\"wp-caption-text\">Kuva 16 Malli animaatiosta.<\/figcaption><\/figure>\n<p>\u00a0<\/p>\n<p><strong>Teht\u00e4v\u00e4 7:<\/strong> Harjoittele ylen <a style=\"color: #333333; text-decoration: underline;\" href=\"http:\/\/www.yle.fi\/moodle\/yle\/attempt.php?q=3109\" target=\"_blank\">sivuilla<\/a> ruotsin rakenteita.<\/p>\n<p><b>Teht\u00e4v\u00e4 8:<\/b> <strong>Lue ensin alla olevat ohjeet videoiden avaamiseen<\/strong>. Katso lexinin sivuilla olevat <a style=\"color: #333333; text-decoration: underline;\" href=\"http:\/\/lexin.nada.kth.se\/lexin\/#main=1;themes=2;\" target=\"_blank\">videot<\/a> ja kirjoita, mit\u00e4 tarkoittavat matkustukseen liittyv\u00e4t sanat. Videot auttavat ymm\u00e4rt\u00e4m\u00e4\u00e4n sanastoa.\u00a0<strong>Ohje videoiden avaamiseen ja teht\u00e4v\u00e4n tekemiseen:<\/strong><\/p>\n<ol>\n<li>Valitse yl\u00e4palkista BILDER OCH FILMER.<\/li>\n<li>Valitse ANIMATIONSTEMAN.<\/li>\n<li>Avaa keskimm\u00e4inen linkki, jossa lukee <b>KOMMUNIKATION<\/b> <b>(bil och cykel)<\/b>.<\/li>\n<li>Katso kaikki <strong>1. tai 2.<\/strong> v\u00e4lilehden videot ja <strong>tulkitse videoista<\/strong>, mit\u00e4 sanat tarkoittavat.<\/li>\n<li>Ker\u00e4\u00e4 itsellesi <strong>kaikista n\u00e4ist\u00e4 15 autoiluun liittyv\u00e4st\u00e4 fraasista sanalista<\/strong> kirjoittamalla<strong> fraasit<\/strong> <strong>suomeksi ja ruotsiksi<\/strong>. Esim. bromsa = jarruttaa<\/li>\n<\/ol>\n<p>Ja sama kuvien avulla:<\/p>\n<p><figure id=\"attachment_561\" aria-describedby=\"caption-attachment-561\" style=\"width: 300px\" class=\"wp-caption alignnone\"><a href=\"http:\/\/verkkovaria.fi\/yhteiset\/ruotsi1\/wp-content\/uploads\/2014\/10\/lexin1.jpg\"><img loading=\"lazy\" decoding=\"async\" src=\"http:\/\/verkkovaria.fi\/yhteiset\/ruotsi1\/wp-content\/uploads\/2014\/10\/lexin1-300x213.jpg\" alt=\"lexin1\" width=\"300\" height=\"213\" \/><\/a><figcaption id=\"caption-attachment-561\" class=\"wp-caption-text\">Kuva 17 Valitse Kommunikation och Trafik<\/figcaption><\/figure><figure id=\"attachment_562\" aria-describedby=\"caption-attachment-562\" style=\"width: 300px\" class=\"wp-caption alignnone\"><a href=\"http:\/\/verkkovaria.fi\/yhteiset\/ruotsi1\/wp-content\/uploads\/2014\/10\/lexin2.jpg\"><img loading=\"lazy\" decoding=\"async\" src=\"http:\/\/verkkovaria.fi\/yhteiset\/ruotsi1\/wp-content\/uploads\/2014\/10\/lexin2-300x271.jpg\" alt=\"lexin2\" width=\"300\" height=\"271\" \/><\/a><figcaption id=\"caption-attachment-562\" class=\"wp-caption-text\">Kuva 18 Paina listan sanoja ja katso videot<\/figcaption><\/figure><figure id=\"attachment_563\" aria-describedby=\"caption-attachment-563\" style=\"width: 300px\" class=\"wp-caption alignnone\"><a href=\"http:\/\/verkkovaria.fi\/yhteiset\/ruotsi1\/wp-content\/uploads\/2014\/10\/lexin3.jpg\"><img loading=\"lazy\" decoding=\"async\" src=\"http:\/\/verkkovaria.fi\/yhteiset\/ruotsi1\/wp-content\/uploads\/2014\/10\/lexin3-300x267.jpg\" alt=\"lexin3\" width=\"300\" height=\"267\" \/><\/a><figcaption id=\"caption-attachment-563\" class=\"wp-caption-text\">Kuva 19 Kirjoita sanat suomeksi ja ruotsiksi<\/figcaption><\/figure><\/p>\n<p>\u00a0<\/p>\n<h3><b>V\u00e4dret S\u00e4\u00e4<\/b><\/h3>\n<p><strong>S\u00e4\u00e4sanastoa:<\/strong><\/p>\n<p><strong>Solen skiner.<\/strong><\/p>\n<p><strong>Det regnar.<\/strong><\/p>\n<p><strong>Det sn\u00f6ar. <\/strong><\/p>\n<p><strong>Det \u00e4r varmt\/kallt.<\/strong><\/p>\n<p><strong>Det bl\u00e5ser.<\/strong><\/p>\n<p><strong>Temperaturen \u00e4r + 20 grader.<\/strong><\/p>\n<p><strong>Psst. S\u00e4\u00e4st\u00e4 puhuttaessa aloitetaan usein Det \u00e4r soligt\/molnigt\/varmt.<\/strong><\/p>\n<p><strong>\u00a0<\/strong><\/p>\n<p><strong>Teht\u00e4v\u00e4 9:<\/strong> Kirjoita alla olevien kuvien (20-23) lauseet ruotsiksi. Muista aloittaa taas\u00a0Det&#8230;<\/p>\n<p><figure style=\"width: 149px\" class=\"wp-caption alignnone\"><a href=\"http:\/\/1.bp.blogspot.com\/-KhQG52BRuu0\/VIATkLLjTJI\/AAAAAAAAASY\/FaRrlCEQGs0\/s1600\/284639_10152066442270571_2056932690_n.jpg\"><img loading=\"lazy\" decoding=\"async\" src=\"https:\/\/images-blogger-opensocial.googleusercontent.com\/gadgets\/proxy?url=http%3A%2F%2F1.bp.blogspot.com%2F-KhQG52BRuu0%2FVIATkLLjTJI%2FAAAAAAAAASY%2FFaRrlCEQGs0%2Fs1600%2F284639_10152066442270571_2056932690_n.jpg&amp;container=blogger&amp;gadget=a&amp;rewriteMime=image%2F*\" alt=\"\" width=\"149\" height=\"200\" border=\"0\" data-orig-src=\"http:\/\/1.bp.blogspot.com\/-KhQG52BRuu0\/VIATkLLjTJI\/AAAAAAAAASY\/FaRrlCEQGs0\/s1600\/284639_10152066442270571_2056932690_n.jpg\" \/><\/a><figcaption class=\"wp-caption-text\">Kuva 20. On kes\u00e4 ja aurinko paistaa.<\/figcaption><\/figure><figure id=\"attachment_120\" aria-describedby=\"caption-attachment-120\" style=\"width: 225px\" class=\"wp-caption alignnone\"><a href=\"http:\/\/verkkovaria.fi\/yhteiset\/ruotsi1\/wp-content\/uploads\/2014\/10\/1016521_10152943840930571_1747417633_n.jpg\"><img loading=\"lazy\" decoding=\"async\" src=\"http:\/\/verkkovaria.fi\/yhteiset\/ruotsi1\/wp-content\/uploads\/2014\/10\/1016521_10152943840930571_1747417633_n-225x300.jpg\" alt=\"1016521_10152943840930571_1747417633_n\" width=\"225\" height=\"300\" \/><\/a><figcaption id=\"caption-attachment-120\" class=\"wp-caption-text\">Kuva 21. On l\u00e4mmint\u00e4.<\/figcaption><\/figure><figure id=\"attachment_340\" aria-describedby=\"caption-attachment-340\" style=\"width: 300px\" class=\"wp-caption alignnone\"><a href=\"http:\/\/verkkovaria.fi\/yhteiset\/ruotsi1\/wp-content\/uploads\/2014\/10\/543693_10152541862065571_17697849_n.jpg\"><img loading=\"lazy\" decoding=\"async\" src=\"http:\/\/verkkovaria.fi\/yhteiset\/ruotsi1\/wp-content\/uploads\/2014\/10\/543693_10152541862065571_17697849_n-300x300.jpg\" alt=\"543693_10152541862065571_17697849_n\" width=\"300\" height=\"300\" \/><\/a><figcaption id=\"caption-attachment-340\" class=\"wp-caption-text\">Kuva 22. On talvi ja kylm\u00e4\u00e4.<\/figcaption><\/figure><figure id=\"attachment_341\" aria-describedby=\"caption-attachment-341\" style=\"width: 300px\" class=\"wp-caption alignnone\"><a href=\"http:\/\/verkkovaria.fi\/yhteiset\/ruotsi1\/wp-content\/uploads\/2014\/10\/194879_10151858568205571_1575741553_o.jpg\"><img loading=\"lazy\" decoding=\"async\" src=\"http:\/\/verkkovaria.fi\/yhteiset\/ruotsi1\/wp-content\/uploads\/2014\/10\/194879_10151858568205571_1575741553_o-300x199.jpg\" alt=\"194879_10151858568205571_1575741553_o\" width=\"300\" height=\"199\" \/><\/a><figcaption id=\"caption-attachment-341\" class=\"wp-caption-text\">Kuva 23. Tuulee kovasti ja s\u00e4\u00e4 on huono.<\/figcaption><\/figure><\/p>\n<p>\u00a0<\/p>\n<p><strong>Teht\u00e4v\u00e4 10:<\/strong> Katso kyseisen\u00a0<a style=\"color: #000000;\" href=\"http:\/\/sv.ilmatieteenlaitos.fi\/vader\/vanda\" data-blogger-escaped-target=\"_blank\">p\u00e4iv\u00e4n<\/a> s\u00e4\u00e4tietoja. Sataako? Tihuttaako? Tuuleeko merelt\u00e4? Paistaako aurinko? <\/p>\n<p>Kerro siis juuri t\u00e4m\u00e4n p\u00e4iv\u00e4n s\u00e4\u00e4st\u00e4 paikkakunnallasi\u00a0kahdella lauseella.<\/p>\n<p><strong>Teht\u00e4v\u00e4 11:<\/strong> Harjoittele perusfraaseja ylen <a style=\"color: #000000;\" href=\"http:\/\/www.yle.fi\/moodle\/yle\/attempt.php?q=3107\" target=\"_blank\">verkkosivuilla<\/a>.<\/p>\n<p>\u00a0<\/p>\n<p>\u00a0<\/p>\n<p>\u00a0<\/p>\n","protected":false},"excerpt":{"rendered":"<p>Tee alla olevat teht\u00e4v\u00e4t kolmannen opiskeluviikon aikana. Ohjeistus: 1. Avaa word-tiedosto ja kirjoita seuraavat teht\u00e4v\u00e4t sille teht\u00e4v\u00e4numero kerrallaan. 2. Palauta kaikki alla olevan osion teht\u00e4v\u00e4t sovitulle alustalle, esim.\u00a0Fronteriin &#8221;Ruotsia ammattiin netiss\u00e4&#8221; Suomi -palautuskansioon yhdell\u00e4 word-tiedostolla. 3. Tee\u00a0wikiteht\u00e4v\u00e4 ja liit\u00e4 se wikiin. T\u00e4ll\u00e4 opintojaksolla opit kertomaan Suomesta ja suomalaisista Osaat kertoa liikkumisesta eri kulkuneuvoilla sek\u00e4 opettelet &hellip; <a href=\"https:\/\/verkkovaria.fi\/yhteiset\/ruotsi1\/suomi\/\">Continued<\/a><\/p>\n","protected":false},"author":2,"featured_media":0,"parent":0,"menu_order":0,"comment_status":"closed","ping_status":"open","template":"","meta":{"footnotes":"","_links_to":"","_links_to_target":""},"class_list":["post-66","page","type-page","status-publish","hentry"],"_links":{"self":[{"href":"https:\/\/verkkovaria.fi\/yhteiset\/ruotsi1\/wp-json\/wp\/v2\/pages\/66","targetHints":{"allow":["GET"]}}],"collection":[{"href":"https:\/\/verkkovaria.fi\/yhteiset\/ruotsi1\/wp-json\/wp\/v2\/pages"}],"about":[{"href":"https:\/\/verkkovaria.fi\/yhteiset\/ruotsi1\/wp-json\/wp\/v2\/types\/page"}],"author":[{"embeddable":true,"href":"https:\/\/verkkovaria.fi\/yhteiset\/ruotsi1\/wp-json\/wp\/v2\/users\/2"}],"replies":[{"embeddable":true,"href":"https:\/\/verkkovaria.fi\/yhteiset\/ruotsi1\/wp-json\/wp\/v2\/comments?post=66"}],"version-history":[{"count":64,"href":"https:\/\/verkkovaria.fi\/yhteiset\/ruotsi1\/wp-json\/wp\/v2\/pages\/66\/revisions"}],"predecessor-version":[{"id":839,"href":"https:\/\/verkkovaria.fi\/yhteiset\/ruotsi1\/wp-json\/wp\/v2\/pages\/66\/revisions\/839"}],"wp:attachment":[{"href":"https:\/\/verkkovaria.fi\/yhteiset\/ruotsi1\/wp-json\/wp\/v2\/media?parent=66"}],"curies":[{"name":"wp","href":"https:\/\/api.w.org\/{rel}","templated":true}]}}